{"id":1461,"date":"2017-06-26T14:27:28","date_gmt":"2017-06-26T12:27:28","guid":{"rendered":"http:\/\/lisatroeber-photography.com\/?page_id=1461"},"modified":"2019-01-29T11:42:02","modified_gmt":"2019-01-29T10:42:02","slug":"impressum","status":"publish","type":"page","link":"http:\/\/lisatroeber-photography.com\/index.php\/impressum\/","title":{"rendered":"IMPRESSUM"},"content":{"rendered":"<div class=\"wpb_text_column wpb_content_element \">\n<div class=\"wpb_wrapper\">\n<p><img loading=\"lazy\" decoding=\"async\" class=\"aligncenter\" src=\"https:\/\/i0.wp.com\/lisatroeber-photography.com\/wp-content\/uploads\/2019\/01\/6_07.png?resize=193%2C193\" width=\"193\" height=\"193\" data-recalc-dims=\"1\" \/><\/p>\n<p style=\"text-align: center;\"><span style=\"color: #23282d; font-size: 1.6em; font-weight: 600;\">F\u00fcr den Inhalt verantwortlich<\/span><\/p>\n<p style=\"text-align: center;\"><strong>Lisa Tr\u00f6ber<\/strong><br \/>\n2500 Baden, Weilburgstra\u00dfe 10\/5<br \/>\nhello@lisatroeber-photography.com<br \/>\nwww.lisatroeber-photography.com<\/p>\n<h2 style=\"text-align: center;\">Copyright<\/h2>\n<p style=\"text-align: center;\">Die durch die Seitenbetreiber erstellten Inhalte und Werke auf diesen Seiten unterliegen dem deutschen Urheberrecht. Die Vervielf\u00e4ltigung, Bearbeitung, Verbreitung und jede Art der Verwertung au\u00dferhalb der Grenzen des Urheberrechtes bed\u00fcrfen der schriftlichen Zustimmung des jeweiligen Autors bzw. Erstellers. Downloads und Kopien dieser Seite sind nur f\u00fcr den privaten, nicht kommerziellen Gebrauch gestattet. Soweit die Inhalte auf dieser Seite nicht vom Betreiber erstellt wurden, werden die Urheberrechte Dritter beachtet. Insbesondere werden Inhalte Dritter als solche gekennzeichnet. Sollten Sie trotzdem auf eine Urheberrechtsverletzung aufmerksam werden, bitten wir um einen entsprechenden Hinweis. Bei Bekanntwerden von Rechtsverletzungen werden wir derartige Inhalte umgehend entfernen.<\/p>\n<h2 style=\"text-align: center;\">Haftungsausschluss<\/h2>\n<h3 style=\"text-align: center;\">Haftung f\u00fcr Inhalte<\/h3>\n<p style=\"text-align: center;\">Die Inhalte unserer Seiten wurden mit gr\u00f6\u00dfter Sorgfalt erstellt. F\u00fcr die Richtigkeit, Vollst\u00e4ndigkeit und Aktualit\u00e4t der Inhalte k\u00f6nnen wir jedoch keine Gew\u00e4hr \u00fcbernehmen. Als Diensteanbieter sind wir gem\u00e4\u00df \u00a7 7 Abs.1 TMG f\u00fcr eigene Inhalte auf diesen Seiten nach den allgemeinen Gesetzen verantwortlich. Nach \u00a7\u00a7 8 bis 10 TMG sind wir als Diensteanbieter jedoch nicht verpflichtet, \u00fcbermittelte oder gespeicherte fremde Informationen zu \u00fcberwachen oder nach Umst\u00e4nden zu forschen, die auf eine rechtswidrige T\u00e4tigkeit hinweisen. Verpflichtungen zur Entfernung oder Sperrung der Nutzung von Informationen nach den allgemeinen Gesetzen bleiben hiervon unber\u00fchrt. Eine diesbez\u00fcgliche Haftung ist jedoch erst ab dem Zeitpunkt der Kenntnis einer konkreten Rechtsverletzung m\u00f6glich. Bei Bekanntwerden von entsprechenden Rechtsverletzungen werden wir diese Inhalte umgehend entfernen.<\/p>\n<h3 style=\"text-align: center;\">Haftung f\u00fcr Links<\/h3>\n<p style=\"text-align: center;\">Unser Angebot enth\u00e4lt Links zu externen Webseiten Dritter, auf deren Inhalte wir keinen Einfluss haben. Deshalb k\u00f6nnen wir f\u00fcr diese fremden Inhalte auch keine Gew\u00e4hr \u00fcbernehmen. F\u00fcr die Inhalte der verlinkten Seiten ist stets der jeweilige Anbieter oder Betreiber der Seiten verantwortlich. Die verlinkten Seiten wurden zum Zeitpunkt der Verlinkung auf m\u00f6gliche Rechtsverst\u00f6\u00dfe \u00fcberpr\u00fcft. Rechtswidrige Inhalte waren zum Zeitpunkt der Verlinkung nicht erkennbar. Eine permanente inhaltliche Kontrolle der verlinkten Seiten ist jedoch ohne konkrete Anhaltspunkte einer Rechtsverletzung nicht zumutbar. Bei Bekanntwerden von Rechtsverletzungen werden wir derartige Links umgehend entfernen.<\/p>\n<h3 style=\"text-align: center;\">Urheberrecht<\/h3>\n<p style=\"text-align: center;\">Die durch die Seitenbetreiber erstellten Inhalte und Werke auf diesen Seiten unterliegen dem \u00f6sterreichischen Urheberrecht. Die Vervielf\u00e4ltigung, Bearbeitung, Verbreitung und jede Art der Verwertung au\u00dferhalb der Grenzen des Urheberrechtes bed\u00fcrfen der schriftlichen Zustimmung des jeweiligen Autors bzw. Erstellers. Downloads und Kopien dieser Seite sind nur f\u00fcr den privaten, nicht kommerziellen Gebrauch gestattet. Soweit die Inhalte auf dieser Seite nicht vom Betreiber erstellt wurden, werden die Urheberrechte Dritter beachtet. Insbesondere werden Inhalte Dritter als solche gekennzeichnet. Sollten Sie trotzdem auf eine Urheberrechtsverletzung aufmerksam werden, bitten wir um einen entsprechenden Hinweis. Bei Bekanntwerden von Rechtsverletzungen werden wir derartige Inhalte umgehend entfernen.<\/p>\n<\/div>\n<\/div>\n","protected":false},"excerpt":{"rendered":"<p>F\u00fcr den Inhalt verantwortlich Lisa Tr\u00f6ber 2500 Baden, Weilburgstra\u00dfe 10\/5 hello@lisatroeber-photography.com www.lisatroeber-photography.com Copyright Die durch die Seitenbetreiber erstellten Inhalte und&#8230;<\/p>\n<div class=\"more-link\"><a href=\"http:\/\/lisatroeber-photography.com\/index.php\/impressum\/\">READ MORE<\/a><\/div>\n","protected":false},"author":1,"featured_media":0,"parent":0,"menu_order":0,"comment_status":"closed","ping_status":"closed","template":"","meta":{"_genesis_hide_title":false,"_genesis_hide_breadcrumbs":false,"_genesis_hide_singular_image":false,"_genesis_hide_footer_widgets":false,"_genesis_custom_body_class":"","_genesis_custom_post_class":"","_genesis_layout":"","jetpack_post_was_ever_published":false,"footnotes":""},"jetpack_sharing_enabled":false,"jetpack_shortlink":"https:\/\/wp.me\/P8sGNm-nz","jetpack-related-posts":[{"id":1997,"url":"http:\/\/lisatroeber-photography.com\/index.php\/datenschutz\/","url_meta":{"origin":1461,"position":0},"title":"DATENSCHUTZ","author":"lisatroeber","date":"24. Mai 2018","format":false,"excerpt":"Ich lege gro\u00dfen Wert auf den Schutz\u00a0deiner Daten. Um\u00a0dich in vollem Umfang \u00fcber die Verwendung personenbezogener Daten zu informieren, bitte ich dich die folgenden Datenschutzhinweise zur Kenntnis zu nehmen. Pers\u00f6nliche Daten Pers\u00f6nliche Daten, die\u00a0du auf dieser\u00a0Website elektronisch \u00fcbermittelst, wie zum Beispiel Name, E-Mail-Adresse, Adresse\u00a0oder andere pers\u00f6nlichen Angaben, werden von\u00a0mir nur\u2026","rel":"","context":"\u00c4hnlicher Beitrag","block_context":{"text":"\u00c4hnlicher Beitrag","link":""},"img":{"alt_text":"","src":"","width":0,"height":0},"classes":[]},{"id":10,"url":"http:\/\/lisatroeber-photography.com\/index.php\/about\/","url_meta":{"origin":1461,"position":1},"title":"LISA","author":"lisatroeber","date":"5. Januar 2017","format":false,"excerpt":"","rel":"","context":"\u00c4hnlicher Beitrag","block_context":{"text":"\u00c4hnlicher Beitrag","link":""},"img":{"alt_text":"","src":"","width":0,"height":0},"classes":[]},{"id":2116,"url":"http:\/\/lisatroeber-photography.com\/index.php\/faq\/","url_meta":{"origin":1461,"position":2},"title":"FAQ","author":"lisatroeber","date":"14. Januar 2019","format":false,"excerpt":"Du hast bestimmt viele Fragen an mich! Hier beantworte ich die meistgestellten Fragen, die mich immer wieder erreichen. Wenn dir sonst noch etwas unklar sein sollte, schreibe mir gerne jederzeit \u00fcber das Kontaktformular. Ich freu mich, dir helfen zu k\u00f6nnen! [one-half-first align=\"left\"]A L L G E M E I N\u2026","rel":"","context":"\u00c4hnlicher Beitrag","block_context":{"text":"\u00c4hnlicher Beitrag","link":""},"img":{"alt_text":"","src":"https:\/\/i0.wp.com\/lisatroeber-photography.com\/wp-content\/uploads\/2019\/01\/7_07-1.png?resize=350%2C200","width":350,"height":200,"srcset":"https:\/\/i0.wp.com\/lisatroeber-photography.com\/wp-content\/uploads\/2019\/01\/7_07-1.png?resize=350%2C200 1x, https:\/\/i0.wp.com\/lisatroeber-photography.com\/wp-content\/uploads\/2019\/01\/7_07-1.png?resize=525%2C300 1.5x, https:\/\/i0.wp.com\/lisatroeber-photography.com\/wp-content\/uploads\/2019\/01\/7_07-1.png?resize=700%2C400 2x, https:\/\/i0.wp.com\/lisatroeber-photography.com\/wp-content\/uploads\/2019\/01\/7_07-1.png?resize=1050%2C600 3x, https:\/\/i0.wp.com\/lisatroeber-photography.com\/wp-content\/uploads\/2019\/01\/7_07-1.png?resize=1400%2C800 4x"},"classes":[]},{"id":25,"url":"http:\/\/lisatroeber-photography.com\/index.php\/kontakt\/","url_meta":{"origin":1461,"position":3},"title":"KONTAKT","author":"lisatroeber","date":"5. Januar 2017","format":false,"excerpt":"LET'S DO IT! Sch\u00f6n, dass du mich gefunden hast. Ich freue mich von dir zu h\u00f6ren und stehe dir jederzeit per Mail zu Verf\u00fcgung, um dir all deine Fragen zu beantworten. Trag deine Daten doch einfach bitte hier in diesem Kontaktformular ein - \u00a0Ich versuche dir dann so schnell wie\u2026","rel":"","context":"\u00c4hnlicher Beitrag","block_context":{"text":"\u00c4hnlicher Beitrag","link":""},"img":{"alt_text":"","src":"","width":0,"height":0},"classes":[]},{"id":4074,"url":"http:\/\/lisatroeber-photography.com\/index.php\/weihnachtsminis\/","url_meta":{"origin":1461,"position":4},"title":"WEIHNACHTSMINIS","author":"lisatroeber","date":"21. Oktober 2025","format":false,"excerpt":"Wir freuen uns riesig, dass du hier bist und Interesse an unseren Weihnachtsshootings hast. Egal, ob du uns das erste Mal besuchst oder schon zu unseren treuen Besucher:innen geh\u00f6rst - ein riesengro\u00dfes Dankesch\u00f6n f\u00fcr dein Interesse! Du kannst dich jetzt HIER direkt anmelden. Bitte beachte, dass dein Termin erst fix\u2026","rel":"","context":"\u00c4hnlicher Beitrag","block_context":{"text":"\u00c4hnlicher Beitrag","link":""},"img":{"alt_text":"","src":"https:\/\/i0.wp.com\/lisatroeber-photography.com\/wp-content\/uploads\/2019\/01\/9_07-e1548511744742.png?resize=350%2C200","width":350,"height":200,"srcset":"https:\/\/i0.wp.com\/lisatroeber-photography.com\/wp-content\/uploads\/2019\/01\/9_07-e1548511744742.png?resize=350%2C200 1x, https:\/\/i0.wp.com\/lisatroeber-photography.com\/wp-content\/uploads\/2019\/01\/9_07-e1548511744742.png?resize=525%2C300 1.5x, https:\/\/i0.wp.com\/lisatroeber-photography.com\/wp-content\/uploads\/2019\/01\/9_07-e1548511744742.png?resize=700%2C400 2x, https:\/\/i0.wp.com\/lisatroeber-photography.com\/wp-content\/uploads\/2019\/01\/9_07-e1548511744742.png?resize=1050%2C600 3x, https:\/\/i0.wp.com\/lisatroeber-photography.com\/wp-content\/uploads\/2019\/01\/9_07-e1548511744742.png?resize=1400%2C800 4x"},"classes":[]},{"id":89,"url":"http:\/\/lisatroeber-photography.com\/","url_meta":{"origin":1461,"position":5},"title":"HOME","author":"lisatroeber","date":"14. Februar 2017","format":false,"excerpt":"","rel":"","context":"\u00c4hnlicher Beitrag","block_context":{"text":"\u00c4hnlicher Beitrag","link":""},"img":{"alt_text":"","src":"https:\/\/i0.wp.com\/lisatroeber-photography.com\/wp-content\/uploads\/2018\/12\/Hochzeit-EP-617.jpg?fit=1200%2C800&resize=350%2C200","width":350,"height":200,"srcset":"https:\/\/i0.wp.com\/lisatroeber-photography.com\/wp-content\/uploads\/2018\/12\/Hochzeit-EP-617.jpg?fit=1200%2C800&resize=350%2C200 1x, https:\/\/i0.wp.com\/lisatroeber-photography.com\/wp-content\/uploads\/2018\/12\/Hochzeit-EP-617.jpg?fit=1200%2C800&resize=525%2C300 1.5x, https:\/\/i0.wp.com\/lisatroeber-photography.com\/wp-content\/uploads\/2018\/12\/Hochzeit-EP-617.jpg?fit=1200%2C800&resize=700%2C400 2x, https:\/\/i0.wp.com\/lisatroeber-photography.com\/wp-content\/uploads\/2018\/12\/Hochzeit-EP-617.jpg?fit=1200%2C800&resize=1050%2C600 3x"},"classes":[]}],"_links":{"self":[{"href":"http:\/\/lisatroeber-photography.com\/index.php\/wp-json\/wp\/v2\/pages\/1461"}],"collection":[{"href":"http:\/\/lisatroeber-photography.com\/index.php\/wp-json\/wp\/v2\/pages"}],"about":[{"href":"http:\/\/lisatroeber-photography.com\/index.php\/wp-json\/wp\/v2\/types\/page"}],"author":[{"embeddable":true,"href":"http:\/\/lisatroeber-photography.com\/index.php\/wp-json\/wp\/v2\/users\/1"}],"replies":[{"embeddable":true,"href":"http:\/\/lisatroeber-photography.com\/index.php\/wp-json\/wp\/v2\/comments?post=1461"}],"version-history":[{"count":9,"href":"http:\/\/lisatroeber-photography.com\/index.php\/wp-json\/wp\/v2\/pages\/1461\/revisions"}],"predecessor-version":[{"id":2898,"href":"http:\/\/lisatroeber-photography.com\/index.php\/wp-json\/wp\/v2\/pages\/1461\/revisions\/2898"}],"wp:attachment":[{"href":"http:\/\/lisatroeber-photography.com\/index.php\/wp-json\/wp\/v2\/media?parent=1461"}],"curies":[{"name":"wp","href":"https:\/\/api.w.org\/{rel}","templated":true}]}}